{"id":2374,"date":"2024-06-03T12:28:10","date_gmt":"2024-06-03T12:28:10","guid":{"rendered":"https:\/\/urbanradar.io\/\/?page_id=2374"},"modified":"2024-07-04T11:24:20","modified_gmt":"2024-07-04T11:24:20","slug":"logistics-and-freight","status":"publish","type":"page","link":"https:\/\/urbanradar.io\/fr\/logistics-and-freight\/","title":{"rendered":"Logistique et fret"},"content":{"rendered":"<div data-elementor-type=\"wp-page\" data-elementor-id=\"2374\" class=\"elementor elementor-2374\">\n\t\t\t\t\t\t<section class=\"elementor-section elementor-top-section elementor-element elementor-element-a35901d elementor-section-content-top elementor-section-full_width elementor-section-height-default elementor-section-height-default\" data-id=\"a35901d\" data-element_type=\"section\" data-e-type=\"section\" data-settings=\"{&quot;background_background&quot;:&quot;classic&quot;}\">\n\t\t\t\t\t\t\t<div class=\"elementor-background-overlay\"><\/div>\n\t\t\t\t\t\t\t<div class=\"elementor-container elementor-column-gap-no\">\n\t\t\t\t\t<header class=\"elementor-column elementor-col-100 elementor-top-column elementor-element elementor-element-9354355\" data-id=\"9354355\" data-element_type=\"column\" data-e-type=\"column\">\n\t\t\t<div class=\"elementor-widget-wrap elementor-element-populated\">\n\t\t\t\t\t\t<div class=\"elementor-element elementor-element-69e50a0 elementor-widget__width-inherit elementor-absolute elementor-widget elementor-widget-heading\" data-id=\"69e50a0\" data-element_type=\"widget\" data-e-type=\"widget\" data-settings=\"{&quot;_position&quot;:&quot;absolute&quot;}\" data-widget_type=\"heading.default\">\n\t\t\t\t<div class=\"elementor-widget-container\">\n\t\t\t\t\t<h1 class=\"elementor-heading-title elementor-size-small\"><p>Logistique et fret<\/p><\/h1>\t\t\t\t<\/div>\n\t\t\t\t<\/div>\n\t\t\t\t<div class=\"elementor-element elementor-element-f1d78fd elementor-widget-tablet__width-initial elementor-widget elementor-widget-image\" data-id=\"f1d78fd\" data-element_type=\"widget\" data-e-type=\"widget\" data-widget_type=\"image.default\">\n\t\t\t\t<div class=\"elementor-widget-container\">\n\t\t\t\t\t\t\t\t\t\t\t\t\t\t\t<img fetchpriority=\"high\" decoding=\"async\" width=\"1792\" height=\"1024\" src=\"https:\/\/urbanradar.io\/wp-content\/uploads\/2024\/06\/city.webp\" class=\"attachment-2048x2048 size-2048x2048 wp-image-2805\" alt=\"Illustration g\u00e9n\u00e9r\u00e9e par intelligence artificielle montrant une ville o\u00f9 circulent fluidement es v\u00e9hicules de tous types de livraison\" srcset=\"https:\/\/urbanradar.io\/wp-content\/uploads\/2024\/06\/city.webp 1792w, https:\/\/urbanradar.io\/wp-content\/uploads\/2024\/06\/city-300x171.webp 300w, https:\/\/urbanradar.io\/wp-content\/uploads\/2024\/06\/city-1024x585.webp 1024w, https:\/\/urbanradar.io\/wp-content\/uploads\/2024\/06\/city-768x439.webp 768w, https:\/\/urbanradar.io\/wp-content\/uploads\/2024\/06\/city-1536x878.webp 1536w, https:\/\/urbanradar.io\/wp-content\/uploads\/2024\/06\/city-18x10.webp 18w\" sizes=\"(max-width: 1792px) 100vw, 1792px\" \/>\t\t\t\t\t\t\t\t\t\t\t\t\t\t\t<\/div>\n\t\t\t\t<\/div>\n\t\t\t\t\t<\/div>\n\t\t<\/header>\n\t\t\t\t\t<\/div>\n\t\t<\/section>\n\t\t\t\t<section class=\"elementor-section elementor-top-section elementor-element elementor-element-3ed2535 elementor-section-boxed elementor-section-height-default elementor-section-height-default\" data-id=\"3ed2535\" data-element_type=\"section\" data-e-type=\"section\" data-settings=\"{&quot;background_background&quot;:&quot;classic&quot;}\">\n\t\t\t\t\t\t<div class=\"elementor-container elementor-column-gap-default\">\n\t\t\t\t\t<div class=\"elementor-column elementor-col-100 elementor-top-column elementor-element elementor-element-b18d6e6\" data-id=\"b18d6e6\" data-element_type=\"column\" data-e-type=\"column\">\n\t\t\t<div class=\"elementor-widget-wrap elementor-element-populated\">\n\t\t\t\t\t\t<div class=\"elementor-element elementor-element-738c4f9 elementor-widget elementor-widget-heading\" data-id=\"738c4f9\" data-element_type=\"widget\" data-e-type=\"widget\" data-widget_type=\"heading.default\">\n\t\t\t\t<div class=\"elementor-widget-container\">\n\t\t\t\t\t<h2 class=\"elementor-heading-title elementor-size-default\">Optimisez votre logistique urbaine : efficacit\u00e9 maximale, impact minimal<\/h2>\t\t\t\t<\/div>\n\t\t\t\t<\/div>\n\t\t\t\t<div class=\"elementor-element elementor-element-2878904 elementor-widget elementor-widget-text-editor\" data-id=\"2878904\" data-element_type=\"widget\" data-e-type=\"widget\" data-widget_type=\"text-editor.default\">\n\t\t\t\t<div class=\"elementor-widget-container\">\n\t\t\t\t\t\t\t\t\t<p>La logistique englobe les op\u00e9rations de stockage, de gestion des flux de transport et de livraison pour les clients urbains. Elle est \u00e9conomiquement et socialement essentielle, mais reste peu vue et appr\u00e9ci\u00e9e en raison de ses impacts environnementaux et sociaux. En 2015 \u00e0 Paris, les flux de marchandises repr\u00e9sentaient 15 \u00e0 20 % du trafic, 25 % des \u00e9missions de CO2, 35 \u00e0 45 % des NOx et 45 % des particules fines (PM).<\/p>\t\t\t\t\t\t\t\t<\/div>\n\t\t\t\t<\/div>\n\t\t\t\t\t<\/div>\n\t\t<\/div>\n\t\t\t\t\t<\/div>\n\t\t<\/section>\n\t\t\t\t<section class=\"elementor-section elementor-top-section elementor-element elementor-element-5bdf739 elementor-section-boxed elementor-section-height-default elementor-section-height-default\" data-id=\"5bdf739\" data-element_type=\"section\" data-e-type=\"section\" data-settings=\"{&quot;background_background&quot;:&quot;classic&quot;}\">\n\t\t\t\t\t\t<div class=\"elementor-container elementor-column-gap-default\">\n\t\t\t\t\t<div class=\"elementor-column elementor-col-100 elementor-top-column elementor-element elementor-element-a630285\" data-id=\"a630285\" data-element_type=\"column\" data-e-type=\"column\" data-settings=\"{&quot;background_background&quot;:&quot;gradient&quot;}\">\n\t\t\t<div class=\"elementor-widget-wrap elementor-element-populated\">\n\t\t\t\t\t\t<section class=\"elementor-section elementor-inner-section elementor-element elementor-element-58da414 elementor-section-full_width elementor-section-content-space-between elementor-section-height-default elementor-section-height-default\" data-id=\"58da414\" data-element_type=\"section\" data-e-type=\"section\" data-settings=\"{&quot;background_background&quot;:&quot;classic&quot;}\">\n\t\t\t\t\t\t<div class=\"elementor-container elementor-column-gap-custom\">\n\t\t\t\t\t<div class=\"elementor-column elementor-col-50 elementor-inner-column elementor-element elementor-element-c81c7bd\" data-id=\"c81c7bd\" data-element_type=\"column\" data-e-type=\"column\" data-settings=\"{&quot;background_background&quot;:&quot;classic&quot;}\">\n\t\t\t<div class=\"elementor-widget-wrap elementor-element-populated\">\n\t\t\t\t\t\t<div class=\"elementor-element elementor-element-4481841 elementor-widget elementor-widget-image\" data-id=\"4481841\" data-element_type=\"widget\" data-e-type=\"widget\" data-widget_type=\"image.default\">\n\t\t\t\t<div class=\"elementor-widget-container\">\n\t\t\t\t\t\t\t\t\t\t\t\t\t\t\t<img decoding=\"async\" width=\"1792\" height=\"1024\" src=\"https:\/\/urbanradar.io\/wp-content\/uploads\/2024\/05\/DALL\u00b7E-2024-05-29-15.17.39-A-detailed-landscape-illustrating-an-urban-environment-with-effective-curb-management.-The-scene-includes-clear-signage-for-parking-designated-areas-.webp\" class=\"attachment-full size-full wp-image-2152\" alt=\"\" srcset=\"https:\/\/urbanradar.io\/wp-content\/uploads\/2024\/05\/DALL\u00b7E-2024-05-29-15.17.39-A-detailed-landscape-illustrating-an-urban-environment-with-effective-curb-management.-The-scene-includes-clear-signage-for-parking-designated-areas-.webp 1792w, https:\/\/urbanradar.io\/wp-content\/uploads\/2024\/05\/DALL\u00b7E-2024-05-29-15.17.39-A-detailed-landscape-illustrating-an-urban-environment-with-effective-curb-management.-The-scene-includes-clear-signage-for-parking-designated-areas--300x171.webp 300w, https:\/\/urbanradar.io\/wp-content\/uploads\/2024\/05\/DALL\u00b7E-2024-05-29-15.17.39-A-detailed-landscape-illustrating-an-urban-environment-with-effective-curb-management.-The-scene-includes-clear-signage-for-parking-designated-areas--1024x585.webp 1024w, https:\/\/urbanradar.io\/wp-content\/uploads\/2024\/05\/DALL\u00b7E-2024-05-29-15.17.39-A-detailed-landscape-illustrating-an-urban-environment-with-effective-curb-management.-The-scene-includes-clear-signage-for-parking-designated-areas--768x439.webp 768w, https:\/\/urbanradar.io\/wp-content\/uploads\/2024\/05\/DALL\u00b7E-2024-05-29-15.17.39-A-detailed-landscape-illustrating-an-urban-environment-with-effective-curb-management.-The-scene-includes-clear-signage-for-parking-designated-areas--1536x878.webp 1536w, https:\/\/urbanradar.io\/wp-content\/uploads\/2024\/05\/DALL\u00b7E-2024-05-29-15.17.39-A-detailed-landscape-illustrating-an-urban-environment-with-effective-curb-management.-The-scene-includes-clear-signage-for-parking-designated-areas--18x10.webp 18w\" sizes=\"(max-width: 1792px) 100vw, 1792px\" \/>\t\t\t\t\t\t\t\t\t\t\t\t\t\t\t<\/div>\n\t\t\t\t<\/div>\n\t\t\t\t<div class=\"elementor-element elementor-element-297bc89 elementor-widget elementor-widget-heading\" data-id=\"297bc89\" data-element_type=\"widget\" data-e-type=\"widget\" data-widget_type=\"heading.default\">\n\t\t\t\t<div class=\"elementor-widget-container\">\n\t\t\t\t\t<h3 class=\"elementor-heading-title elementor-size-default\">CURB MANAGEMENT<\/h3>\t\t\t\t<\/div>\n\t\t\t\t<\/div>\n\t\t\t\t<div class=\"elementor-element elementor-element-02cf170 elementor-widget elementor-widget-text-editor\" data-id=\"02cf170\" data-element_type=\"widget\" data-e-type=\"widget\" data-widget_type=\"text-editor.default\">\n\t\t\t\t<div class=\"elementor-widget-container\">\n\t\t\t\t\t\t\t\t\t<p style=\"height: 300px;\">Curb management consiste \u00e0 num\u00e9riser les aires de livraison et \u00e0 visualiser les flux de livraison afin d'optimiser l'utilisation de l'espace urbain. Cette approche permet de mieux g\u00e9rer les espaces de stationnement, de r\u00e9duire la congestion et d'am\u00e9liorer l'efficacit\u00e9 des livraisons urbaines.<\/p>\t\t\t\t\t\t\t\t<\/div>\n\t\t\t\t<\/div>\n\t\t\t\t<div class=\"elementor-element elementor-element-99100ce elementor-mobile-align-center elementor-align-right elementor-widget elementor-widget-button\" data-id=\"99100ce\" data-element_type=\"widget\" data-e-type=\"widget\" data-widget_type=\"button.default\">\n\t\t\t\t<div class=\"elementor-widget-container\">\n\t\t\t\t\t\t\t\t\t<div class=\"elementor-button-wrapper\">\n\t\t\t\t\t<a class=\"elementor-button elementor-button-link elementor-size-xs\" href=\"https:\/\/urbanradar.io\/fr\/flex-curb\/\">\n\t\t\t\t\t\t<span class=\"elementor-button-content-wrapper\">\n\t\t\t\t\t\t\t\t\t<span class=\"elementor-button-text\">D\u00e9couvrir<\/span>\n\t\t\t\t\t<\/span>\n\t\t\t\t\t<\/a>\n\t\t\t\t<\/div>\n\t\t\t\t\t\t\t\t<\/div>\n\t\t\t\t<\/div>\n\t\t\t\t\t<\/div>\n\t\t<\/div>\n\t\t\t\t<div class=\"elementor-column elementor-col-50 elementor-inner-column elementor-element elementor-element-e2ce839\" data-id=\"e2ce839\" data-element_type=\"column\" data-e-type=\"column\" data-settings=\"{&quot;background_background&quot;:&quot;classic&quot;}\">\n\t\t\t<div class=\"elementor-widget-wrap elementor-element-populated\">\n\t\t\t\t\t\t<div class=\"elementor-element elementor-element-ea231ca elementor-widget elementor-widget-image\" data-id=\"ea231ca\" data-element_type=\"widget\" data-e-type=\"widget\" data-widget_type=\"image.default\">\n\t\t\t\t<div class=\"elementor-widget-container\">\n\t\t\t\t\t\t\t\t\t\t\t\t\t\t\t<img decoding=\"async\" width=\"1792\" height=\"1024\" src=\"https:\/\/urbanradar.io\/wp-content\/uploads\/2024\/05\/DALL\u00b7E-2024-05-29-15.16.54-A-vibrant-urban-logistics-hub-scene-with-various-delivery-vehicles-being-optimized-for-efficiency-through-coordinated-operations.-The-environment-incl.webp\" class=\"attachment-full size-full wp-image-2151\" alt=\"\" srcset=\"https:\/\/urbanradar.io\/wp-content\/uploads\/2024\/05\/DALL\u00b7E-2024-05-29-15.16.54-A-vibrant-urban-logistics-hub-scene-with-various-delivery-vehicles-being-optimized-for-efficiency-through-coordinated-operations.-The-environment-incl.webp 1792w, https:\/\/urbanradar.io\/wp-content\/uploads\/2024\/05\/DALL\u00b7E-2024-05-29-15.16.54-A-vibrant-urban-logistics-hub-scene-with-various-delivery-vehicles-being-optimized-for-efficiency-through-coordinated-operations.-The-environment-incl-300x171.webp 300w, https:\/\/urbanradar.io\/wp-content\/uploads\/2024\/05\/DALL\u00b7E-2024-05-29-15.16.54-A-vibrant-urban-logistics-hub-scene-with-various-delivery-vehicles-being-optimized-for-efficiency-through-coordinated-operations.-The-environment-incl-1024x585.webp 1024w, https:\/\/urbanradar.io\/wp-content\/uploads\/2024\/05\/DALL\u00b7E-2024-05-29-15.16.54-A-vibrant-urban-logistics-hub-scene-with-various-delivery-vehicles-being-optimized-for-efficiency-through-coordinated-operations.-The-environment-incl-768x439.webp 768w, https:\/\/urbanradar.io\/wp-content\/uploads\/2024\/05\/DALL\u00b7E-2024-05-29-15.16.54-A-vibrant-urban-logistics-hub-scene-with-various-delivery-vehicles-being-optimized-for-efficiency-through-coordinated-operations.-The-environment-incl-1536x878.webp 1536w, https:\/\/urbanradar.io\/wp-content\/uploads\/2024\/05\/DALL\u00b7E-2024-05-29-15.16.54-A-vibrant-urban-logistics-hub-scene-with-various-delivery-vehicles-being-optimized-for-efficiency-through-coordinated-operations.-The-environment-incl-18x10.webp 18w\" sizes=\"(max-width: 1792px) 100vw, 1792px\" \/>\t\t\t\t\t\t\t\t\t\t\t\t\t\t\t<\/div>\n\t\t\t\t<\/div>\n\t\t\t\t<div class=\"elementor-element elementor-element-625f0ed elementor-widget elementor-widget-heading\" data-id=\"625f0ed\" data-element_type=\"widget\" data-e-type=\"widget\" data-widget_type=\"heading.default\">\n\t\t\t\t<div class=\"elementor-widget-container\">\n\t\t\t\t\t<h3 class=\"elementor-heading-title elementor-size-default\">MUTUALISATION<\/h3>\t\t\t\t<\/div>\n\t\t\t\t<\/div>\n\t\t\t\t<div class=\"elementor-element elementor-element-0072651 elementor-widget elementor-widget-text-editor\" data-id=\"0072651\" data-element_type=\"widget\" data-e-type=\"widget\" data-widget_type=\"text-editor.default\">\n\t\t\t\t<div class=\"elementor-widget-container\">\n\t\t\t\t\t\t\t\t\t<p style=\"height: 300px;\">La mutualisation des flux logistiques, notamment lorsque le taux de remplissage des v\u00e9hicules est faible, permet de maximiser l'efficacit\u00e9 des op\u00e9rations. Malgr\u00e9 le faible volume de marchandises transport\u00e9es au niveau r\u00e9gional, le manque d'outils de visualisation reste un d\u00e9fi majeur pour optimiser cette mutualisation.<\/p>\t\t\t\t\t\t\t\t<\/div>\n\t\t\t\t<\/div>\n\t\t\t\t<div class=\"elementor-element elementor-element-ab18760 elementor-mobile-align-center elementor-align-right elementor-widget elementor-widget-button\" data-id=\"ab18760\" data-element_type=\"widget\" data-e-type=\"widget\" data-widget_type=\"button.default\">\n\t\t\t\t<div class=\"elementor-widget-container\">\n\t\t\t\t\t\t\t\t\t<div class=\"elementor-button-wrapper\">\n\t\t\t\t\t<a class=\"elementor-button elementor-button-link elementor-size-xs\" href=\"https:\/\/urbanradar.io\/fr\/fret-impact\/\">\n\t\t\t\t\t\t<span class=\"elementor-button-content-wrapper\">\n\t\t\t\t\t\t\t\t\t<span class=\"elementor-button-text\">D\u00e9couvrir<\/span>\n\t\t\t\t\t<\/span>\n\t\t\t\t\t<\/a>\n\t\t\t\t<\/div>\n\t\t\t\t\t\t\t\t<\/div>\n\t\t\t\t<\/div>\n\t\t\t\t\t<\/div>\n\t\t<\/div>\n\t\t\t\t\t<\/div>\n\t\t<\/section>\n\t\t\t\t<section class=\"elementor-section elementor-inner-section elementor-element elementor-element-143a5f3 elementor-section-boxed elementor-section-height-default elementor-section-height-default\" data-id=\"143a5f3\" data-element_type=\"section\" data-e-type=\"section\" data-settings=\"{&quot;background_background&quot;:&quot;classic&quot;}\">\n\t\t\t\t\t\t<div class=\"elementor-container elementor-column-gap-extended\">\n\t\t\t\t\t<div class=\"elementor-column elementor-col-50 elementor-inner-column elementor-element elementor-element-0455270\" data-id=\"0455270\" data-element_type=\"column\" data-e-type=\"column\" data-settings=\"{&quot;background_background&quot;:&quot;classic&quot;}\">\n\t\t\t<div class=\"elementor-widget-wrap elementor-element-populated\">\n\t\t\t\t\t\t<div class=\"elementor-element elementor-element-86accd2 elementor-widget elementor-widget-image\" data-id=\"86accd2\" data-element_type=\"widget\" data-e-type=\"widget\" data-widget_type=\"image.default\">\n\t\t\t\t<div class=\"elementor-widget-container\">\n\t\t\t\t\t\t\t\t\t\t\t\t\t\t\t<img loading=\"lazy\" decoding=\"async\" width=\"1792\" height=\"1024\" src=\"https:\/\/urbanradar.io\/wp-content\/uploads\/2024\/05\/DALL\u00b7E-2024-05-29-15.15.00-A-clean-and-serene-illustration-of-commercial-real-estate-site-planning-in-an-urban-environment.-The-scene-shows-developers-analyzing-multiple-streams.webp\" class=\"attachment-full size-full wp-image-2150\" alt=\"\" srcset=\"https:\/\/urbanradar.io\/wp-content\/uploads\/2024\/05\/DALL\u00b7E-2024-05-29-15.15.00-A-clean-and-serene-illustration-of-commercial-real-estate-site-planning-in-an-urban-environment.-The-scene-shows-developers-analyzing-multiple-streams.webp 1792w, https:\/\/urbanradar.io\/wp-content\/uploads\/2024\/05\/DALL\u00b7E-2024-05-29-15.15.00-A-clean-and-serene-illustration-of-commercial-real-estate-site-planning-in-an-urban-environment.-The-scene-shows-developers-analyzing-multiple-streams-300x171.webp 300w, https:\/\/urbanradar.io\/wp-content\/uploads\/2024\/05\/DALL\u00b7E-2024-05-29-15.15.00-A-clean-and-serene-illustration-of-commercial-real-estate-site-planning-in-an-urban-environment.-The-scene-shows-developers-analyzing-multiple-streams-1024x585.webp 1024w, https:\/\/urbanradar.io\/wp-content\/uploads\/2024\/05\/DALL\u00b7E-2024-05-29-15.15.00-A-clean-and-serene-illustration-of-commercial-real-estate-site-planning-in-an-urban-environment.-The-scene-shows-developers-analyzing-multiple-streams-768x439.webp 768w, https:\/\/urbanradar.io\/wp-content\/uploads\/2024\/05\/DALL\u00b7E-2024-05-29-15.15.00-A-clean-and-serene-illustration-of-commercial-real-estate-site-planning-in-an-urban-environment.-The-scene-shows-developers-analyzing-multiple-streams-1536x878.webp 1536w, https:\/\/urbanradar.io\/wp-content\/uploads\/2024\/05\/DALL\u00b7E-2024-05-29-15.15.00-A-clean-and-serene-illustration-of-commercial-real-estate-site-planning-in-an-urban-environment.-The-scene-shows-developers-analyzing-multiple-streams-18x10.webp 18w\" sizes=\"(max-width: 1792px) 100vw, 1792px\" \/>\t\t\t\t\t\t\t\t\t\t\t\t\t\t\t<\/div>\n\t\t\t\t<\/div>\n\t\t\t\t<div class=\"elementor-element elementor-element-7fe047f elementor-widget elementor-widget-heading\" data-id=\"7fe047f\" data-element_type=\"widget\" data-e-type=\"widget\" data-widget_type=\"heading.default\">\n\t\t\t\t<div class=\"elementor-widget-container\">\n\t\t\t\t\t<h3 class=\"elementor-heading-title elementor-size-default\">PLANIFICATION DES SITES<\/h3>\t\t\t\t<\/div>\n\t\t\t\t<\/div>\n\t\t\t\t<div class=\"elementor-element elementor-element-a4acf4b elementor-widget elementor-widget-text-editor\" data-id=\"a4acf4b\" data-element_type=\"widget\" data-e-type=\"widget\" data-widget_type=\"text-editor.default\">\n\t\t\t\t<div class=\"elementor-widget-container\">\n\t\t\t\t\t\t\t\t\t<p style=\"height: 300px;\">L'utilisation de plusieurs flux de donn\u00e9es de localisation est cruciale pour les promoteurs d'immobilier commercial afin de comprendre les zones de chalandise. Qu'il s'agisse de sites commerciaux, de bureaux ou d'unit\u00e9s industrielles, il est essentiel de justifier les prix. Les donn\u00e9es sur les consommateurs et la mobilit\u00e9 humaine peuvent faire la diff\u00e9rence entre la conclusion ou la perte d'une affaire.<\/p>\t\t\t\t\t\t\t\t<\/div>\n\t\t\t\t<\/div>\n\t\t\t\t<div class=\"elementor-element elementor-element-e61375c elementor-mobile-align-center elementor-align-right elementor-widget elementor-widget-button\" data-id=\"e61375c\" data-element_type=\"widget\" data-e-type=\"widget\" data-widget_type=\"button.default\">\n\t\t\t\t<div class=\"elementor-widget-container\">\n\t\t\t\t\t\t\t\t\t<div class=\"elementor-button-wrapper\">\n\t\t\t\t\t<a class=\"elementor-button elementor-button-link elementor-size-sm\" href=\"https:\/\/urbanradar.io\/fr\/fret-impact\/\">\n\t\t\t\t\t\t<span class=\"elementor-button-content-wrapper\">\n\t\t\t\t\t\t\t\t\t<span class=\"elementor-button-text\">D\u00e9couvrir<\/span>\n\t\t\t\t\t<\/span>\n\t\t\t\t\t<\/a>\n\t\t\t\t<\/div>\n\t\t\t\t\t\t\t\t<\/div>\n\t\t\t\t<\/div>\n\t\t\t\t\t<\/div>\n\t\t<\/div>\n\t\t\t\t<div class=\"elementor-column elementor-col-50 elementor-inner-column elementor-element elementor-element-94f9927\" data-id=\"94f9927\" data-element_type=\"column\" data-e-type=\"column\" data-settings=\"{&quot;background_background&quot;:&quot;classic&quot;}\">\n\t\t\t<div class=\"elementor-widget-wrap elementor-element-populated\">\n\t\t\t\t\t\t<div class=\"elementor-element elementor-element-d6a7a68 elementor-widget elementor-widget-image\" data-id=\"d6a7a68\" data-element_type=\"widget\" data-e-type=\"widget\" data-widget_type=\"image.default\">\n\t\t\t\t<div class=\"elementor-widget-container\">\n\t\t\t\t\t\t\t\t\t\t\t\t\t\t\t<img loading=\"lazy\" decoding=\"async\" width=\"1637\" height=\"875\" src=\"https:\/\/urbanradar.io\/wp-content\/uploads\/2024\/05\/image-11.png\" class=\"attachment-full size-full wp-image-2166\" alt=\"\" srcset=\"https:\/\/urbanradar.io\/wp-content\/uploads\/2024\/05\/image-11.png 1637w, https:\/\/urbanradar.io\/wp-content\/uploads\/2024\/05\/image-11-300x160.png 300w, https:\/\/urbanradar.io\/wp-content\/uploads\/2024\/05\/image-11-1024x547.png 1024w, https:\/\/urbanradar.io\/wp-content\/uploads\/2024\/05\/image-11-768x411.png 768w, https:\/\/urbanradar.io\/wp-content\/uploads\/2024\/05\/image-11-1536x821.png 1536w, https:\/\/urbanradar.io\/wp-content\/uploads\/2024\/05\/image-11-18x10.png 18w\" sizes=\"(max-width: 1637px) 100vw, 1637px\" \/>\t\t\t\t\t\t\t\t\t\t\t\t\t\t\t<\/div>\n\t\t\t\t<\/div>\n\t\t\t\t<div class=\"elementor-element elementor-element-5ab4718 elementor-widget elementor-widget-heading\" data-id=\"5ab4718\" data-element_type=\"widget\" data-e-type=\"widget\" data-widget_type=\"heading.default\">\n\t\t\t\t<div class=\"elementor-widget-container\">\n\t\t\t\t\t<h3 class=\"elementor-heading-title elementor-size-default\">PlANIFICATION DES SITES DE <br> COLLECTE &amp; DE LIVRAISONS<\/h3>\t\t\t\t<\/div>\n\t\t\t\t<\/div>\n\t\t\t\t<div class=\"elementor-element elementor-element-840b1a1 elementor-widget elementor-widget-text-editor\" data-id=\"840b1a1\" data-element_type=\"widget\" data-e-type=\"widget\" data-widget_type=\"text-editor.default\">\n\t\t\t\t<div class=\"elementor-widget-container\">\n\t\t\t\t\t\t\t\t\t<p style=\"height: 300px;\">Les acteurs de la logistique utilisent les r\u00e9seaux de magasins et les consignes comme points de collecte pour r\u00e9duire les \u00e9checs de livraison. Avec la croissance du commerce \u00e9lectronique, l'augmentation de la couverture de ces r\u00e9seaux est essentielle pour maintenir la rentabilit\u00e9, en particulier pour les articles de grande valeur. La mod\u00e9lisation spatiale permet de pr\u00e9voir la demande et de comprendre les zones de chalandise.<\/p>\t\t\t\t\t\t\t\t<\/div>\n\t\t\t\t<\/div>\n\t\t\t\t<div class=\"elementor-element elementor-element-3f7d55a elementor-mobile-align-center elementor-align-right elementor-widget elementor-widget-button\" data-id=\"3f7d55a\" data-element_type=\"widget\" data-e-type=\"widget\" data-widget_type=\"button.default\">\n\t\t\t\t<div class=\"elementor-widget-container\">\n\t\t\t\t\t\t\t\t\t<div class=\"elementor-button-wrapper\">\n\t\t\t\t\t<a class=\"elementor-button elementor-button-link elementor-size-xs\" href=\"https:\/\/urbanradar.io\/fr\/flex-curb\/\">\n\t\t\t\t\t\t<span class=\"elementor-button-content-wrapper\">\n\t\t\t\t\t\t\t\t\t<span class=\"elementor-button-text\">D\u00e9couvrir<\/span>\n\t\t\t\t\t<\/span>\n\t\t\t\t\t<\/a>\n\t\t\t\t<\/div>\n\t\t\t\t\t\t\t\t<\/div>\n\t\t\t\t<\/div>\n\t\t\t\t\t<\/div>\n\t\t<\/div>\n\t\t\t\t\t<\/div>\n\t\t<\/section>\n\t\t\t\t\t<\/div>\n\t\t<\/div>\n\t\t\t\t\t<\/div>\n\t\t<\/section>\n\t\t\t\t<section class=\"elementor-section elementor-top-section elementor-element elementor-element-47fbad5 elementor-section-boxed elementor-section-height-default elementor-section-height-default\" data-id=\"47fbad5\" data-element_type=\"section\" data-e-type=\"section\">\n\t\t\t\t\t\t<div class=\"elementor-container elementor-column-gap-default\">\n\t\t\t\t\t<div class=\"elementor-column elementor-col-100 elementor-top-column elementor-element elementor-element-cf881a8\" data-id=\"cf881a8\" data-element_type=\"column\" data-e-type=\"column\">\n\t\t\t<div class=\"elementor-widget-wrap\">\n\t\t\t\t\t\t\t<\/div>\n\t\t<\/div>\n\t\t\t\t\t<\/div>\n\t\t<\/section>\n\t\t\t\t<\/div>","protected":false},"excerpt":{"rendered":"<p>Logistics and freight Optimize your urban logistics: maximum efficiency, minimum impact Logistics encompass storage, transport flow management and delivery operations for urban customers. It is economically and socially essential, but remains little seen and appreciated because of its environmental and social impacts. In 2015 in Paris, goods flows accounted for 15-20% of traffic, 25% of [&hellip;]<\/p>\n","protected":false},"author":5,"featured_media":0,"parent":0,"menu_order":0,"comment_status":"closed","ping_status":"closed","template":"","meta":{"site-sidebar-layout":"no-sidebar","site-content-layout":"page-builder","ast-site-content-layout":"","site-content-style":"default","site-sidebar-style":"default","ast-global-header-display":"","ast-banner-title-visibility":"","ast-main-header-display":"","ast-hfb-above-header-display":"","ast-hfb-below-header-display":"","ast-hfb-mobile-header-display":"","site-post-title":"disabled","ast-breadcrumbs-content":"","ast-featured-img":"disabled","footer-sml-layout":"","theme-transparent-header-meta":"","adv-header-id-meta":"","stick-header-meta":"","header-above-stick-meta":"","header-main-stick-meta":"","header-below-stick-meta":"","astra-migrate-meta-layouts":"default","ast-page-background-enabled":"default","ast-page-background-meta":{"desktop":{"background-color":"var(--ast-global-color-4)","background-image":"","background-repeat":"repeat","background-position":"center center","background-size":"auto","background-attachment":"scroll","background-type":"","background-media":"","overlay-type":"","overlay-color":"","overlay-opacity":"","overlay-gradient":""},"tablet":{"background-color":"","background-image":"","background-repeat":"repeat","background-position":"center center","background-size":"auto","background-attachment":"scroll","background-type":"","background-media":"","overlay-type":"","overlay-color":"","overlay-opacity":"","overlay-gradient":""},"mobile":{"background-color":"","background-image":"","background-repeat":"repeat","background-position":"center center","background-size":"auto","background-attachment":"scroll","background-type":"","background-media":"","overlay-type":"","overlay-color":"","overlay-opacity":"","overlay-gradient":""}},"ast-content-background-meta":{"desktop":{"background-color":"var(--ast-global-color-5)","background-image":"","background-repeat":"repeat","background-position":"center center","background-size":"auto","background-attachment":"scroll","background-type":"","background-media":"","overlay-type":"","overlay-color":"","overlay-opacity":"","overlay-gradient":""},"tablet":{"background-color":"var(--ast-global-color-5)","background-image":"","background-repeat":"repeat","background-position":"center center","background-size":"auto","background-attachment":"scroll","background-type":"","background-media":"","overlay-type":"","overlay-color":"","overlay-opacity":"","overlay-gradient":""},"mobile":{"background-color":"var(--ast-global-color-5)","background-image":"","background-repeat":"repeat","background-position":"center center","background-size":"auto","background-attachment":"scroll","background-type":"","background-media":"","overlay-type":"","overlay-color":"","overlay-opacity":"","overlay-gradient":""}},"footnotes":""},"class_list":["post-2374","page","type-page","status-publish","hentry"],"yoast_head":"<!-- This site is optimized with the Yoast SEO plugin v27.2 - https:\/\/yoast.com\/product\/yoast-seo-wordpress\/ -->\n<title>Urban Radar - Spatial analytics for smart cities<\/title>\n<meta name=\"description\" content=\"Spacial analytics for smart cities. Make urban planning easier and reach climate foals with data-driven strategies.\" \/>\n<meta name=\"robots\" content=\"index, follow, max-snippet:-1, max-image-preview:large, max-video-preview:-1\" \/>\n<link rel=\"canonical\" href=\"https:\/\/urbanradar.io\/fr\/logistics-and-freight\/\" \/>\n<meta property=\"og:locale\" content=\"fr_FR\" \/>\n<meta property=\"og:type\" content=\"article\" \/>\n<meta property=\"og:title\" content=\"Urban Radar - Spatial analytics for smart cities\" \/>\n<meta property=\"og:description\" content=\"Spacial analytics for smart cities. Make urban planning easier and reach climate foals with data-driven strategies.\" \/>\n<meta property=\"og:url\" content=\"https:\/\/urbanradar.io\/fr\/logistics-and-freight\/\" \/>\n<meta property=\"og:site_name\" content=\"Urban Radar\" \/>\n<meta property=\"article:modified_time\" content=\"2024-07-04T11:24:20+00:00\" \/>\n<meta property=\"og:image\" content=\"https:\/\/urbanradar.io\/\/wp-content\/uploads\/2024\/06\/city.webp\" \/>\n<meta name=\"twitter:card\" content=\"summary_large_image\" \/>\n<meta name=\"twitter:site\" content=\"@urbanradar_io\" \/>\n<meta name=\"twitter:label1\" content=\"Dur\u00e9e de lecture estim\u00e9e\" \/>\n\t<meta name=\"twitter:data1\" content=\"3 minutes\" \/>\n<script type=\"application\/ld+json\" class=\"yoast-schema-graph\">{\"@context\":\"https:\/\/schema.org\",\"@graph\":[{\"@type\":\"WebPage\",\"@id\":\"https:\/\/urbanradar.io\/fr\/logistics-and-freight\/\",\"url\":\"https:\/\/urbanradar.io\/fr\/logistics-and-freight\/\",\"name\":\"Urban Radar - Spatial analytics for smart cities\",\"isPartOf\":{\"@id\":\"https:\/\/urbanradar.io\/#website\"},\"primaryImageOfPage\":{\"@id\":\"https:\/\/urbanradar.io\/fr\/logistics-and-freight\/#primaryimage\"},\"image\":{\"@id\":\"https:\/\/urbanradar.io\/fr\/logistics-and-freight\/#primaryimage\"},\"thumbnailUrl\":\"https:\/\/urbanradar.io\/\/wp-content\/uploads\/2024\/06\/city.webp\",\"datePublished\":\"2024-06-03T12:28:10+00:00\",\"dateModified\":\"2024-07-04T11:24:20+00:00\",\"description\":\"Spacial analytics for smart cities. Make urban planning easier and reach climate foals with data-driven strategies.\",\"breadcrumb\":{\"@id\":\"https:\/\/urbanradar.io\/fr\/logistics-and-freight\/#breadcrumb\"},\"inLanguage\":\"fr-FR\",\"potentialAction\":[{\"@type\":\"ReadAction\",\"target\":[\"https:\/\/urbanradar.io\/fr\/logistics-and-freight\/\"]}]},{\"@type\":\"ImageObject\",\"inLanguage\":\"fr-FR\",\"@id\":\"https:\/\/urbanradar.io\/fr\/logistics-and-freight\/#primaryimage\",\"url\":\"https:\/\/urbanradar.io\/\/wp-content\/uploads\/2024\/06\/city.webp\",\"contentUrl\":\"https:\/\/urbanradar.io\/\/wp-content\/uploads\/2024\/06\/city.webp\"},{\"@type\":\"BreadcrumbList\",\"@id\":\"https:\/\/urbanradar.io\/fr\/logistics-and-freight\/#breadcrumb\",\"itemListElement\":[{\"@type\":\"ListItem\",\"position\":1,\"name\":\"Home\",\"item\":\"https:\/\/urbanradar.io\/fr\/\"},{\"@type\":\"ListItem\",\"position\":2,\"name\":\"Logistics and freight\"}]},{\"@type\":\"WebSite\",\"@id\":\"https:\/\/urbanradar.io\/#website\",\"url\":\"https:\/\/urbanradar.io\/\",\"name\":\"Urban Radar\",\"description\":\"Spatial analytics for smart cities\",\"publisher\":{\"@id\":\"https:\/\/urbanradar.io\/#organization\"},\"potentialAction\":[{\"@type\":\"SearchAction\",\"target\":{\"@type\":\"EntryPoint\",\"urlTemplate\":\"https:\/\/urbanradar.io\/?s={search_term_string}\"},\"query-input\":{\"@type\":\"PropertyValueSpecification\",\"valueRequired\":true,\"valueName\":\"search_term_string\"}}],\"inLanguage\":\"fr-FR\"},{\"@type\":\"Organization\",\"@id\":\"https:\/\/urbanradar.io\/#organization\",\"name\":\"Urban Radar\",\"url\":\"https:\/\/urbanradar.io\/\",\"logo\":{\"@type\":\"ImageObject\",\"inLanguage\":\"fr-FR\",\"@id\":\"https:\/\/urbanradar.io\/#\/schema\/logo\/image\/\",\"url\":\"https:\/\/urbanradar.io\/wp-content\/uploads\/2022\/08\/logo_horizontal_main_dark.webp\",\"contentUrl\":\"https:\/\/urbanradar.io\/wp-content\/uploads\/2022\/08\/logo_horizontal_main_dark.webp\",\"width\":1555,\"height\":540,\"caption\":\"Urban Radar\"},\"image\":{\"@id\":\"https:\/\/urbanradar.io\/#\/schema\/logo\/image\/\"},\"sameAs\":[\"https:\/\/x.com\/urbanradar_io\",\"https:\/\/www.linkedin.com\/company\/urbanradar\/\"]}]}<\/script>\n<!-- \/ Yoast SEO plugin. -->","yoast_head_json":{"title":"Urban Radar - Spatial analytics for smart cities","description":"Spacial analytics for smart cities. Make urban planning easier and reach climate foals with data-driven strategies.","robots":{"index":"index","follow":"follow","max-snippet":"max-snippet:-1","max-image-preview":"max-image-preview:large","max-video-preview":"max-video-preview:-1"},"canonical":"https:\/\/urbanradar.io\/fr\/logistics-and-freight\/","og_locale":"fr_FR","og_type":"article","og_title":"Urban Radar - Spatial analytics for smart cities","og_description":"Spacial analytics for smart cities. Make urban planning easier and reach climate foals with data-driven strategies.","og_url":"https:\/\/urbanradar.io\/fr\/logistics-and-freight\/","og_site_name":"Urban Radar","article_modified_time":"2024-07-04T11:24:20+00:00","og_image":[{"url":"https:\/\/urbanradar.io\/\/wp-content\/uploads\/2024\/06\/city.webp","type":"","width":"","height":""}],"twitter_card":"summary_large_image","twitter_site":"@urbanradar_io","twitter_misc":{"Dur\u00e9e de lecture estim\u00e9e":"3 minutes"},"schema":{"@context":"https:\/\/schema.org","@graph":[{"@type":"WebPage","@id":"https:\/\/urbanradar.io\/fr\/logistics-and-freight\/","url":"https:\/\/urbanradar.io\/fr\/logistics-and-freight\/","name":"Urban Radar - Spatial analytics for smart cities","isPartOf":{"@id":"https:\/\/urbanradar.io\/#website"},"primaryImageOfPage":{"@id":"https:\/\/urbanradar.io\/fr\/logistics-and-freight\/#primaryimage"},"image":{"@id":"https:\/\/urbanradar.io\/fr\/logistics-and-freight\/#primaryimage"},"thumbnailUrl":"https:\/\/urbanradar.io\/\/wp-content\/uploads\/2024\/06\/city.webp","datePublished":"2024-06-03T12:28:10+00:00","dateModified":"2024-07-04T11:24:20+00:00","description":"Spacial analytics for smart cities. Make urban planning easier and reach climate foals with data-driven strategies.","breadcrumb":{"@id":"https:\/\/urbanradar.io\/fr\/logistics-and-freight\/#breadcrumb"},"inLanguage":"fr-FR","potentialAction":[{"@type":"ReadAction","target":["https:\/\/urbanradar.io\/fr\/logistics-and-freight\/"]}]},{"@type":"ImageObject","inLanguage":"fr-FR","@id":"https:\/\/urbanradar.io\/fr\/logistics-and-freight\/#primaryimage","url":"https:\/\/urbanradar.io\/\/wp-content\/uploads\/2024\/06\/city.webp","contentUrl":"https:\/\/urbanradar.io\/\/wp-content\/uploads\/2024\/06\/city.webp"},{"@type":"BreadcrumbList","@id":"https:\/\/urbanradar.io\/fr\/logistics-and-freight\/#breadcrumb","itemListElement":[{"@type":"ListItem","position":1,"name":"Home","item":"https:\/\/urbanradar.io\/fr\/"},{"@type":"ListItem","position":2,"name":"Logistics and freight"}]},{"@type":"WebSite","@id":"https:\/\/urbanradar.io\/#website","url":"https:\/\/urbanradar.io\/","name":"Urban Radar","description":"Votre territoire 4.0","publisher":{"@id":"https:\/\/urbanradar.io\/#organization"},"potentialAction":[{"@type":"SearchAction","target":{"@type":"EntryPoint","urlTemplate":"https:\/\/urbanradar.io\/?s={search_term_string}"},"query-input":{"@type":"PropertyValueSpecification","valueRequired":true,"valueName":"search_term_string"}}],"inLanguage":"fr-FR"},{"@type":"Organization","@id":"https:\/\/urbanradar.io\/#organization","name":"Urban Radar","url":"https:\/\/urbanradar.io\/","logo":{"@type":"ImageObject","inLanguage":"fr-FR","@id":"https:\/\/urbanradar.io\/#\/schema\/logo\/image\/","url":"https:\/\/urbanradar.io\/wp-content\/uploads\/2022\/08\/logo_horizontal_main_dark.webp","contentUrl":"https:\/\/urbanradar.io\/wp-content\/uploads\/2022\/08\/logo_horizontal_main_dark.webp","width":1555,"height":540,"caption":"Urban Radar"},"image":{"@id":"https:\/\/urbanradar.io\/#\/schema\/logo\/image\/"},"sameAs":["https:\/\/x.com\/urbanradar_io","https:\/\/www.linkedin.com\/company\/urbanradar\/"]}]}},"_links":{"self":[{"href":"https:\/\/urbanradar.io\/fr\/wp-json\/wp\/v2\/pages\/2374","targetHints":{"allow":["GET"]}}],"collection":[{"href":"https:\/\/urbanradar.io\/fr\/wp-json\/wp\/v2\/pages"}],"about":[{"href":"https:\/\/urbanradar.io\/fr\/wp-json\/wp\/v2\/types\/page"}],"author":[{"embeddable":true,"href":"https:\/\/urbanradar.io\/fr\/wp-json\/wp\/v2\/users\/5"}],"replies":[{"embeddable":true,"href":"https:\/\/urbanradar.io\/fr\/wp-json\/wp\/v2\/comments?post=2374"}],"version-history":[{"count":92,"href":"https:\/\/urbanradar.io\/fr\/wp-json\/wp\/v2\/pages\/2374\/revisions"}],"predecessor-version":[{"id":3665,"href":"https:\/\/urbanradar.io\/fr\/wp-json\/wp\/v2\/pages\/2374\/revisions\/3665"}],"wp:attachment":[{"href":"https:\/\/urbanradar.io\/fr\/wp-json\/wp\/v2\/media?parent=2374"}],"curies":[{"name":"wp","href":"https:\/\/api.w.org\/{rel}","templated":true}]}}